{"id":8,"date":"2024-03-01T19:27:55","date_gmt":"2024-03-01T18:27:55","guid":{"rendered":"https:\/\/sauvegarde-chateau-castelnaudelevis.fr\/index.php\/home\/"},"modified":"2026-09-01T21:45:28","modified_gmt":"2026-09-01T19:45:28","slug":"home","status":"publish","type":"page","link":"https:\/\/sauvegarde-chateau-castelnaudelevis.fr\/","title":{"rendered":"Bienvenue"},"content":{"rendered":"\n<p class=\"has-text-align-center has-x-large-font-size wp-block-paragraph\"><strong>NOS PROCHAINS RENDEZ-VOUS<\/strong><\/p>\n\n\n\n<div class=\"wp-block-media-text has-media-on-the-right is-stacked-on-mobile\"><div class=\"wp-block-media-text__content\">\n<p class=\"has-text-align-center has-large-font-size wp-block-paragraph\">LES PARTICIPATIONS SONT CLOSES<\/p>\n\n\n\n<figure class=\"wp-block-image alignright size-full is-resized\"><img loading=\"lazy\" decoding=\"async\" width=\"471\" height=\"549\" src=\"https:\/\/sauvegarde-chateau-castelnaudelevis.fr\/wp-content\/uploads\/2026\/09\/Ferme.png\" alt=\"\" class=\"wp-image-1089\" style=\"aspect-ratio:0.8579636131503351;width:172px;height:auto\" srcset=\"https:\/\/sauvegarde-chateau-castelnaudelevis.fr\/wp-content\/uploads\/2026\/09\/Ferme.png 471w, https:\/\/sauvegarde-chateau-castelnaudelevis.fr\/wp-content\/uploads\/2026\/09\/Ferme-257x300.png 257w\" sizes=\"auto, (max-width: 471px) 100vw, 471px\" \/><\/figure>\n\n\n\n<p class=\"wp-block-paragraph\">Merci \u00e0 tous les participants, vous serez inform\u00e9s dans les prochains jours de votre s\u00e9lection pour l&rsquo;exposition et la soumission aux votes du public.<\/p>\n\n\n\n<p class=\"has-text-align-center has-large-font-size wp-block-paragraph\"> Participez au <a href=\"https:\/\/sauvegarde-chateau-castelnaudelevis.fr\/index.php\/concours-photographique\/\" data-type=\"page\" data-id=\"956\" target=\"_blank\" rel=\"noreferrer noopener\">concours photo<\/a> amateur et voyez vos clich\u00e9s expos\u00e9s dans la salle d&rsquo;armes du ch\u00e2teau\ud83c\udff0 lors des journ\u00e9es du Patrimoine !!!<\/p>\n<\/div><figure class=\"wp-block-media-text__media\"><a href=\"https:\/\/sauvegarde-chateau-castelnaudelevis.fr\/index.php\/concours-photographique\/\" target=\"_blank\" rel=\" noreferrer noopener\"><img loading=\"lazy\" decoding=\"async\" width=\"683\" height=\"1024\" src=\"https:\/\/sauvegarde-chateau-castelnaudelevis.fr\/wp-content\/uploads\/2026\/04\/AFFICHE-CONCOURS-PHOTO-2026-683x1024.png\" alt=\"\" class=\"wp-image-960 size-full\" srcset=\"https:\/\/sauvegarde-chateau-castelnaudelevis.fr\/wp-content\/uploads\/2026\/04\/AFFICHE-CONCOURS-PHOTO-2026-683x1024.png 683w, https:\/\/sauvegarde-chateau-castelnaudelevis.fr\/wp-content\/uploads\/2026\/04\/AFFICHE-CONCOURS-PHOTO-2026-200x300.png 200w, https:\/\/sauvegarde-chateau-castelnaudelevis.fr\/wp-content\/uploads\/2026\/04\/AFFICHE-CONCOURS-PHOTO-2026-768x1152.png 768w, https:\/\/sauvegarde-chateau-castelnaudelevis.fr\/wp-content\/uploads\/2026\/04\/AFFICHE-CONCOURS-PHOTO-2026.png 1024w\" sizes=\"auto, (max-width: 683px) 100vw, 683px\" \/><\/a><\/figure><\/div>\n\n\n\n<div class=\"wp-block-media-text is-stacked-on-mobile\"><figure class=\"wp-block-media-text__media\"><img loading=\"lazy\" decoding=\"async\" width=\"683\" height=\"1024\" src=\"https:\/\/sauvegarde-chateau-castelnaudelevis.fr\/wp-content\/uploads\/2026\/05\/Cuisine-et-dependances-14.11.2026-683x1024.png\" alt=\"\" class=\"wp-image-1044 size-full\" srcset=\"https:\/\/sauvegarde-chateau-castelnaudelevis.fr\/wp-content\/uploads\/2026\/05\/Cuisine-et-dependances-14.11.2026-683x1024.png 683w, https:\/\/sauvegarde-chateau-castelnaudelevis.fr\/wp-content\/uploads\/2026\/05\/Cuisine-et-dependances-14.11.2026-200x300.png 200w, https:\/\/sauvegarde-chateau-castelnaudelevis.fr\/wp-content\/uploads\/2026\/05\/Cuisine-et-dependances-14.11.2026-768x1152.png 768w, https:\/\/sauvegarde-chateau-castelnaudelevis.fr\/wp-content\/uploads\/2026\/05\/Cuisine-et-dependances-14.11.2026.png 1024w\" sizes=\"auto, (max-width: 683px) 100vw, 683px\" \/><\/figure><div class=\"wp-block-media-text__content\">\n<h1 class=\"wp-block-heading has-text-align-center\"><strong>THEATRE<\/strong><\/h1>\n\n\n\n<p class=\"has-text-align-center has-large-font-size wp-block-paragraph\"><strong>Samedi 14 Novembre 2026 <\/strong><\/p>\n\n\n\n<p class=\"wp-block-paragraph\">Pi\u00e8ce d\u2019Agn\u00e8s JAOUI et Jean-Pierre BACRI (1991)<\/p>\n\n\n\n<p class=\"wp-block-paragraph\"><strong>L\u2019HISTOIRE :<\/strong>&nbsp;Martine et Jacques, couple ordinaire, ont invit\u00e9 \u00e0 d\u00eener un ami qu\u2019ils avaient perdu de vue depuis dix ans et qui est devenu, entre-temps, un c\u00e9l\u00e8bre animateur \u00e0 la t\u00e9l\u00e9vision. Le soir venu, c\u2019est avec plus d\u2019une heure et demie de retard que l\u2019ami en question arrive avec son \u00e9pouse Charlotte.<br>Martine et Jacques tentent de faire bonne figure, mais c\u2019est sans compter sur l\u2019un des autres convives, Georges, qui fut autrefois l\u2019amant de Charlotte et qui affiche clairement sa mauvaise humeur\u2026 La pr\u00e9sence de Fred, petit fr\u00e8re de Martine, joueur inv\u00e9t\u00e9r\u00e9, ne va pas arranger la situation.<\/p>\n\n\n\n<p class=\"wp-block-paragraph\">Pr\u00e9sent\u00e9e par la&nbsp;<strong>Compagnie des Radis<\/strong>&nbsp;avec entre autre Gerry Carter acteur local.<br><br>Tarif adh\u00e9rents : 10 \u20ac, Non adh\u00e9rents : 12\u20ac<\/p>\n\n\n\n<p class=\"has-text-align-center has-large-font-size wp-block-paragraph\"><a href=\"https:\/\/www.helloasso.com\/associations\/association-de-sauvegarde-du-chateau\/evenements\/theatre-cuisine-et-dependances\" target=\"_blank\" rel=\"noopener\"><strong>RESERVATIONS<\/strong><\/a><\/p>\n<\/div><\/div>\n\n\n\n<div class=\"wp-block-media-text is-stacked-on-mobile\"><figure class=\"wp-block-media-text__media\"><a href=\"https:\/\/sauvegarde-chateau-castelnaudelevis.fr\/index.php\/journees-de-nettoyage\/\"><img loading=\"lazy\" decoding=\"async\" width=\"723\" height=\"1024\" src=\"https:\/\/sauvegarde-chateau-castelnaudelevis.fr\/wp-content\/uploads\/2026\/06\/Affiche-Guinguette-au-chateau-723x1024.png\" alt=\"\" class=\"wp-image-1058 size-full\" srcset=\"https:\/\/sauvegarde-chateau-castelnaudelevis.fr\/wp-content\/uploads\/2026\/06\/Affiche-Guinguette-au-chateau-723x1024.png 723w, https:\/\/sauvegarde-chateau-castelnaudelevis.fr\/wp-content\/uploads\/2026\/06\/Affiche-Guinguette-au-chateau-212x300.png 212w, https:\/\/sauvegarde-chateau-castelnaudelevis.fr\/wp-content\/uploads\/2026\/06\/Affiche-Guinguette-au-chateau-768x1087.png 768w, https:\/\/sauvegarde-chateau-castelnaudelevis.fr\/wp-content\/uploads\/2026\/06\/Affiche-Guinguette-au-chateau.png 1054w\" sizes=\"auto, (max-width: 723px) 100vw, 723px\" \/><\/a><\/figure><div class=\"wp-block-media-text__content\">\n<p class=\"has-text-align-center has-x-large-font-size wp-block-paragraph\">SAMEDI 29 Ao\u00fbt 2026 -Soir\u00e9e<\/p>\n\n\n\n<p class=\"has-text-align-center has-x-large-font-size wp-block-paragraph\"><strong>Guinguette au Ch\u00e2teau<\/strong><\/p>\n\n\n\n<p class=\"wp-block-paragraph\">Un grand merci \u00e0 vous tous pour votre pr\u00e9sence lors de cette magnifique soir\u00e9e<strong style=\"font-style: italic;\"> <\/strong>\ud83d\ude01<\/p>\n\n\n\n<p class=\"wp-block-paragraph\"><\/p>\n\n\n\n<figure class=\"wp-block-image size-large is-resized\"><img loading=\"lazy\" decoding=\"async\" width=\"1024\" height=\"1024\" src=\"https:\/\/sauvegarde-chateau-castelnaudelevis.fr\/wp-content\/uploads\/2026\/05\/C5023BA5-64A0-459B-9486-061F05486850-1024x1024.png\" alt=\"\" class=\"wp-image-1053\" style=\"width:184px;height:auto\" srcset=\"https:\/\/sauvegarde-chateau-castelnaudelevis.fr\/wp-content\/uploads\/2026\/05\/C5023BA5-64A0-459B-9486-061F05486850-1024x1024.png 1024w, https:\/\/sauvegarde-chateau-castelnaudelevis.fr\/wp-content\/uploads\/2026\/05\/C5023BA5-64A0-459B-9486-061F05486850-300x300.png 300w, https:\/\/sauvegarde-chateau-castelnaudelevis.fr\/wp-content\/uploads\/2026\/05\/C5023BA5-64A0-459B-9486-061F05486850-150x150.png 150w, https:\/\/sauvegarde-chateau-castelnaudelevis.fr\/wp-content\/uploads\/2026\/05\/C5023BA5-64A0-459B-9486-061F05486850-768x768.png 768w, https:\/\/sauvegarde-chateau-castelnaudelevis.fr\/wp-content\/uploads\/2026\/05\/C5023BA5-64A0-459B-9486-061F05486850.png 1254w\" sizes=\"auto, (max-width: 1024px) 100vw, 1024px\" \/><\/figure>\n<\/div><\/div>\n\n\n\n<p class=\"has-text-align-center has-xx-large-font-size wp-block-paragraph\"><strong>EXCELLENTE ANNEE 2026 A TOUS !!!<\/strong><\/p>\n\n\n\n<figure class=\"wp-block-image aligncenter size-full is-resized\"><img loading=\"lazy\" decoding=\"async\" width=\"2560\" height=\"1437\" src=\"https:\/\/sauvegarde-chateau-castelnaudelevis.fr\/wp-content\/uploads\/2025\/11\/2026-scaled.jpg\" alt=\"\" class=\"wp-image-903\" style=\"width:716px;height:auto\" srcset=\"https:\/\/sauvegarde-chateau-castelnaudelevis.fr\/wp-content\/uploads\/2025\/11\/2026-scaled.jpg 2560w, https:\/\/sauvegarde-chateau-castelnaudelevis.fr\/wp-content\/uploads\/2025\/11\/2026-300x168.jpg 300w, https:\/\/sauvegarde-chateau-castelnaudelevis.fr\/wp-content\/uploads\/2025\/11\/2026-1024x575.jpg 1024w, https:\/\/sauvegarde-chateau-castelnaudelevis.fr\/wp-content\/uploads\/2025\/11\/2026-768x431.jpg 768w, https:\/\/sauvegarde-chateau-castelnaudelevis.fr\/wp-content\/uploads\/2025\/11\/2026-1536x862.jpg 1536w, https:\/\/sauvegarde-chateau-castelnaudelevis.fr\/wp-content\/uploads\/2025\/11\/2026-2048x1150.jpg 2048w\" sizes=\"auto, (max-width: 2560px) 100vw, 2560px\" \/><\/figure>\n\n\n\n<p class=\"has-text-align-center has-large-font-size wp-block-paragraph\"><strong>LA SAISON 2026 EST LANCEE<\/strong><\/p>\n\n\n\n<p class=\"has-medium-font-size wp-block-paragraph\"><strong><em>A noter sur vos agendas pour 2026&nbsp;:<\/em><\/strong> notre sortie annuelle qui aura lieu au printemps direction le ch\u00e2teau de Foix. La journ\u00e9e de nettoyage fix\u00e9e au samedi 13 juin, conf\u00e9rences d\u2019Yves Royer \u00e0 la Maison pour tous (jeudi 19 Mars 2026 \u00e0 18h30 et jeudi 14 Mai 2026 \u00e0 18h30), Musicales au ch\u00e2teau (courant de l\u2019\u00e9t\u00e9), les journ\u00e9es du patrimoine le week-end du 19 et 20 septembre. Nous travaillons actuellement sur la suite de la programmation.<\/p>\n\n\n\n<p class=\"has-medium-font-size wp-block-paragraph\">L\u2019entretien r\u00e9gulier de la tour et du site occupent bien notre \u00e9quipe de b\u00e9n\u00e9voles. Cette ann\u00e9e ils ont implant\u00e9s un panneau d\u2019information au pied de la tour, construit un troisi\u00e8me banc sur l\u2019esplanade, s\u00e9curis\u00e9 un des paliers de la tour en posant une main courante, r\u00e9alis\u00e9 une grille pour fermer le haut de la tour et emp\u00eacher les oiseaux d\u2019y p\u00e9n\u00e9trer. Ils seraient ravis d\u2019accueillir de nouveaux volontaires pour ces chantiers.<\/p>\n\n\n\n<p class=\"has-medium-font-size wp-block-paragraph\">Si vous le souhaitez, venez rejoindre l\u2019association en adh\u00e9rant ou en devenant b\u00e9n\u00e9vole afin de participer \u00e0 la mise en valeur du ch\u00e2teau et \u00e0 sa pr\u00e9servation ! <\/p>\n\n\n\n<p class=\"wp-block-paragraph\"><\/p>\n\n\n\n<p class=\"wp-block-paragraph\"><\/p>\n\n\n\n<p class=\"has-medium-font-size wp-block-paragraph\"><strong><em>2025 s\u2019ach\u00e8ve d\u00e9j\u00e0 &#8230; <\/em><\/strong>et vous avez \u00e9t\u00e9 nombreux \u00e0 soutenir l\u2019association et \u00e0 participer aux diff\u00e9rentes animations et nous vous en remercions chaleureusement ! Cette saison&nbsp; a \u00e9t\u00e9 riche en \u00e9v\u00e8nements au ch\u00e2teau : le voyage annuel destination Nages, cin\u00e9ma, conf\u00e9rence, th\u00e9\u00e2tre occitan, concert de La Fanfare de guitares dans le cadres des Musicales au ch\u00e2teau, exposition photographique, animation des journ\u00e9es du patrimoine, Citrouillade d\u2019Halloween. Un programme vari\u00e9 pour votre plus grand plaisir&nbsp;! <strong><em>L\u2019\u00e9quipe travaille d\u00e9j\u00e0 sur la saison 2026.<\/em><\/strong><\/p>\n\n\n\n<p class=\"wp-block-paragraph\"><\/p>\n\n\n\n<p class=\"has-text-align-center has-large-font-size wp-block-paragraph\"><\/p>\n\n\n\n<p class=\"has-medium-font-size wp-block-paragraph\"><\/p>\n\n\n\n<figure class=\"wp-block-image aligncenter size-large is-resized\"><img loading=\"lazy\" decoding=\"async\" width=\"1024\" height=\"575\" src=\"https:\/\/sauvegarde-chateau-castelnaudelevis.fr\/wp-content\/uploads\/2024\/12\/Voeux-2025-1024x575.jpg\" alt=\"\" class=\"wp-image-641\" style=\"width:470px;height:auto\" srcset=\"https:\/\/sauvegarde-chateau-castelnaudelevis.fr\/wp-content\/uploads\/2024\/12\/Voeux-2025-1024x575.jpg 1024w, https:\/\/sauvegarde-chateau-castelnaudelevis.fr\/wp-content\/uploads\/2024\/12\/Voeux-2025-300x168.jpg 300w, https:\/\/sauvegarde-chateau-castelnaudelevis.fr\/wp-content\/uploads\/2024\/12\/Voeux-2025-768x431.jpg 768w, https:\/\/sauvegarde-chateau-castelnaudelevis.fr\/wp-content\/uploads\/2024\/12\/Voeux-2025-1536x862.jpg 1536w, https:\/\/sauvegarde-chateau-castelnaudelevis.fr\/wp-content\/uploads\/2024\/12\/Voeux-2025-2048x1150.jpg 2048w\" sizes=\"auto, (max-width: 1024px) 100vw, 1024px\" \/><\/figure>\n\n\n\n<p class=\"wp-block-paragraph\"><\/p>\n\n\n\n<p class=\"wp-block-paragraph\">La saison 2024 a \u00e9t\u00e9 riche en \u00e9v\u00e8nements au ch\u00e2teau, au programme&nbsp;: le voyage annuel destination Carcassonne, trois concerts dans le cadres des Musicales au ch\u00e2teau, th\u00e9\u00e2tre, cin\u00e9ma, conf\u00e9rence et animation des journ\u00e9es du patrimoine. Un programme charg\u00e9 et vari\u00e9 pour votre plus grand plaisir&nbsp;!<\/p>\n\n\n\n<p class=\"has-text-align-center wp-block-paragraph\"><strong>L\u2019<a href=\"https:\/\/sauvegarde-chateau-castelnaudelevis.fr\/index.php\/lassociation2\/\" data-type=\"page\" data-id=\"156\">Association de Sauvegarde du Ch\u00e2teau<\/a>  a f\u00eat\u00e9 ses 30 ans en 2023 !<\/strong><\/p>\n\n\n\n<p class=\"wp-block-paragraph\">30 ans d\u00e9j\u00e0 que des g\u00e9n\u00e9rations de b\u00e9n\u00e9voles \u0153uvrent afin de faire rayonner notre beau <a href=\"https:\/\/sauvegarde-chateau-castelnaudelevis.fr\/index.php\/page-d-exemple\/\" data-type=\"page\" data-id=\"2\"><strong>ch\u00e2teau<\/strong><\/a>. Les premi\u00e8res ann\u00e9es qui ont \u00e9t\u00e9 consacr\u00e9es \u00e0 la consolidation, la pr\u00e9servation et l\u2019embellissement du site, nous permettent \u00e0 pr\u00e9sent de vous accueillir dans un bel \u00e9crin de pierres.<\/p>\n\n\n\n<p class=\"wp-block-paragraph\">Nous attachons une volont\u00e9 particuli\u00e8re \u00e0 vous proposer une programmation riche et vari\u00e9e tout au long de l\u2019ann\u00e9e. Nous esp\u00e9rons que cette <strong><a href=\"https:\/\/sauvegarde-chateau-castelnaudelevis.fr\/index.php\/animations-culturelles\/\" data-type=\"page\" data-id=\"72\">nouvelle \u00e9dition<\/a><\/strong> vous donne l\u2019envie d\u2019y participer !<\/p>\n\n\n\n<p class=\"wp-block-paragraph\">Tout ceci ne serait \u00e9videmment pas possible sans le soutien de nos fid\u00e8les <strong><a href=\"https:\/\/sauvegarde-chateau-castelnaudelevis.fr\/index.php\/sponsors\/\" data-type=\"page\" data-id=\"103\">partenaires et annonceurs<\/a><\/strong> que nous tenons \u00e0 remercier chaleureusement.<\/p>\n\n\n\n<p class=\"wp-block-paragraph\">Nous esp\u00e9rons que cette saison 2025 vous plaira autant que nous prenons plaisir \u00e0 la pr\u00e9parer !<\/p>\n\n\n\n<p class=\"wp-block-paragraph\">\u00c0 tr\u00e8s vite au ch\u00e2teau,<\/p>\n\n\n\n<p class=\"has-text-align-right has-small-font-size wp-block-paragraph\"><em><strong>Marion BORTHELLE<\/strong><\/em><\/p>\n\n\n\n<p class=\"has-text-align-right has-small-font-size wp-block-paragraph\"><em><strong>Pr\u00e9sidente de l\u2019Association<\/strong><\/em><\/p>\n","protected":false},"excerpt":{"rendered":"<p>NOS PROCHAINS RENDEZ-VOUS THEATRE Samedi 14 Novembre 2026 Pi\u00e8ce d\u2019Agn\u00e8s JAOUI et Jean-Pierre BACRI (1991) L\u2019HISTOIRE :&nbsp;Martine et Jacques, couple ordinaire, ont invit\u00e9 \u00e0 d\u00eener un ami qu\u2019ils avaient perdu de vue depuis dix ans et qui est devenu, entre-temps, un c\u00e9l\u00e8bre animateur \u00e0 la t\u00e9l\u00e9vision. Le soir venu, c\u2019est avec plus d\u2019une heure et [&hellip;]<\/p>\n","protected":false},"author":1,"featured_media":0,"parent":0,"menu_order":0,"comment_status":"closed","ping_status":"closed","template":"templates\/template-homepage.php","meta":{"footnotes":""},"class_list":["post-8","page","type-page","status-publish","hentry"],"_links":{"self":[{"href":"https:\/\/sauvegarde-chateau-castelnaudelevis.fr\/index.php\/wp-json\/wp\/v2\/pages\/8","targetHints":{"allow":["GET"]}}],"collection":[{"href":"https:\/\/sauvegarde-chateau-castelnaudelevis.fr\/index.php\/wp-json\/wp\/v2\/pages"}],"about":[{"href":"https:\/\/sauvegarde-chateau-castelnaudelevis.fr\/index.php\/wp-json\/wp\/v2\/types\/page"}],"author":[{"embeddable":true,"href":"https:\/\/sauvegarde-chateau-castelnaudelevis.fr\/index.php\/wp-json\/wp\/v2\/users\/1"}],"replies":[{"embeddable":true,"href":"https:\/\/sauvegarde-chateau-castelnaudelevis.fr\/index.php\/wp-json\/wp\/v2\/comments?post=8"}],"version-history":[{"count":86,"href":"https:\/\/sauvegarde-chateau-castelnaudelevis.fr\/index.php\/wp-json\/wp\/v2\/pages\/8\/revisions"}],"predecessor-version":[{"id":1095,"href":"https:\/\/sauvegarde-chateau-castelnaudelevis.fr\/index.php\/wp-json\/wp\/v2\/pages\/8\/revisions\/1095"}],"wp:attachment":[{"href":"https:\/\/sauvegarde-chateau-castelnaudelevis.fr\/index.php\/wp-json\/wp\/v2\/media?parent=8"}],"curies":[{"name":"wp","href":"https:\/\/api.w.org\/{rel}","templated":true}]}}